{"id":63,"date":"2020-04-02T10:49:07","date_gmt":"2020-04-02T08:49:07","guid":{"rendered":"http:\/\/www.osteopathe-annaellepeloil-17.com\/?page_id=63"},"modified":"2020-04-20T14:57:58","modified_gmt":"2020-04-20T12:57:58","slug":"deroule-dune-seance","status":"publish","type":"page","link":"https:\/\/www.osteopathe-annaellepeloil-17.com\/index.php\/deroule-dune-seance\/","title":{"rendered":"D\u00e9roul\u00e9 d&rsquo;une s\u00e9ance"},"content":{"rendered":"\n<p class=\"has-text-color has-background has-medium-font-size has-very-dark-gray-color has-vivid-cyan-blue-background-color\"><strong>Comment se d\u00e9roule une s\u00e9ance d&rsquo;ost\u00e9opathie ?<\/strong><\/p>\n\n\n\n<p class=\"has-text-color has-normal-font-size has-vivid-cyan-blue-color\"><em><strong>1- L&rsquo; ENTRETIEN D&rsquo;ACCUEIL<\/strong><\/em><\/p>\n\n\n\n<div class=\"wp-block-media-text alignwide is-stacked-on-mobile is-vertically-aligned-center\"><figure class=\"wp-block-media-text__media\"><img loading=\"lazy\" decoding=\"async\" width=\"241\" height=\"209\" src=\"http:\/\/www.osteopathe-annaellepeloil-17.com\/wp-content\/uploads\/2020\/04\/ob_3dc842_entretien-professionnel.jpg\" alt=\"\" class=\"wp-image-136\" srcset=\"https:\/\/www.osteopathe-annaellepeloil-17.com\/wp-content\/uploads\/2020\/04\/ob_3dc842_entretien-professionnel.jpg 241w, https:\/\/www.osteopathe-annaellepeloil-17.com\/wp-content\/uploads\/2020\/04\/ob_3dc842_entretien-professionnel-69x60.jpg 69w\" sizes=\"auto, (max-width: 241px) 100vw, 241px\" \/><\/figure><div class=\"wp-block-media-text__content\">\n<p class=\"has-normal-font-size\">Cette premi\u00e8re partie nous permet de <strong>faire connaissance<\/strong> sur les raisons de votre venue. <\/p>\n\n\n\n<p class=\"has-normal-font-size\">Pour cela, je vais vous interroger sur <strong>vos sympt\u00f4mes<\/strong>, vos ant\u00e9c\u00e9dents, votre mode de vie.<\/p>\n\n\n\n<p class=\"has-normal-font-size\">Ces \u00e9l\u00e9ments vont me permettre de poser <strong>un premier diagnostic<\/strong> et de vous r\u00e9orienter pour un avis m\u00e9dical si je consid\u00e8re que votre motif de consultation n&rsquo;est pas de mon ressort.<\/p>\n<\/div><\/div>\n\n\n\n<p><\/p>\n\n\n\n<p class=\"has-text-color has-vivid-cyan-blue-color\"><em><strong>2- LE BILAN OSTEOPATHIQUE<\/strong><\/em><\/p>\n\n\n\n<div class=\"wp-block-media-text alignwide has-media-on-the-right is-stacked-on-mobile is-vertically-aligned-center\"><figure class=\"wp-block-media-text__media\"><img loading=\"lazy\" decoding=\"async\" width=\"626\" height=\"417\" src=\"http:\/\/www.osteopathe-annaellepeloil-17.com\/wp-content\/uploads\/2020\/04\/osteopathe-evaluant-hallux-valgus_126745-1169.jpg\" alt=\"\" class=\"wp-image-186\" srcset=\"https:\/\/www.osteopathe-annaellepeloil-17.com\/wp-content\/uploads\/2020\/04\/osteopathe-evaluant-hallux-valgus_126745-1169.jpg 626w, https:\/\/www.osteopathe-annaellepeloil-17.com\/wp-content\/uploads\/2020\/04\/osteopathe-evaluant-hallux-valgus_126745-1169-300x200.jpg 300w, https:\/\/www.osteopathe-annaellepeloil-17.com\/wp-content\/uploads\/2020\/04\/osteopathe-evaluant-hallux-valgus_126745-1169-90x60.jpg 90w\" sizes=\"auto, (max-width: 626px) 100vw, 626px\" \/><\/figure><div class=\"wp-block-media-text__content\">\n<p class=\"has-normal-font-size\">Cette deuxi\u00e8me partie me permet d&rsquo;observer<strong> votre mobilit\u00e9, votre statique, votre posture<\/strong>. Je vais prendre note des diverses anomalies trouv\u00e9es, des diverses <strong>restrictions de mouvements<\/strong> pouvant \u00eatre en rapport avec vos sympt\u00f4mes.<br><br>Je pourrai \u00eatre amen\u00e9e  \u00e0 r\u00e9aliser des <strong>tests d&rsquo;exclusion<\/strong> afin de confirmer une \u00e9ventuelle r\u00e9orientation vers votre m\u00e9decin traitant.<\/p>\n<\/div><\/div>\n\n\n\n<p><\/p>\n\n\n\n<p class=\"has-text-color has-vivid-cyan-blue-color\"><em><strong>3- LE TRAITEMENT<\/strong><\/em><\/p>\n\n\n\n<div class=\"wp-block-media-text alignwide is-stacked-on-mobile is-vertically-aligned-center\"><figure class=\"wp-block-media-text__media\"><img loading=\"lazy\" decoding=\"async\" width=\"626\" height=\"417\" src=\"http:\/\/www.osteopathe-annaellepeloil-17.com\/wp-content\/uploads\/2020\/04\/therapeute-appliquant-pression-ventre-mains-massant-ventre-femme_3179-609.jpg\" alt=\"\" class=\"wp-image-149\" srcset=\"https:\/\/www.osteopathe-annaellepeloil-17.com\/wp-content\/uploads\/2020\/04\/therapeute-appliquant-pression-ventre-mains-massant-ventre-femme_3179-609.jpg 626w, https:\/\/www.osteopathe-annaellepeloil-17.com\/wp-content\/uploads\/2020\/04\/therapeute-appliquant-pression-ventre-mains-massant-ventre-femme_3179-609-300x200.jpg 300w, https:\/\/www.osteopathe-annaellepeloil-17.com\/wp-content\/uploads\/2020\/04\/therapeute-appliquant-pression-ventre-mains-massant-ventre-femme_3179-609-90x60.jpg 90w\" sizes=\"auto, (max-width: 626px) 100vw, 626px\" \/><\/figure><div class=\"wp-block-media-text__content\">\n<p class=\"has-normal-font-size\">Dans cette troisi\u00e8me partie, je vais <strong>redonner de la mobilit\u00e9<\/strong> \u00e0 chacune des structures de votre corps (de la t\u00eate aux pieds) afin de<strong> lever les zones de tension<\/strong> trouv\u00e9es auparavant. <br><br>Pour cela, je vais utiliser des <strong>techniques vari\u00e9es adapt\u00e9es<\/strong> \u00e0 votre corps : douces, visc\u00e9rales, fasciales, cr\u00e2niennes, structurelles&#8230;<br><br>Les gestes ost\u00e9opathiques restent toujours dans le champ physiologique et ne forcent pas sur les structures.<\/p>\n<\/div><\/div>\n\n\n\n<p><\/p>\n\n\n\n<p class=\"has-text-color has-vivid-cyan-blue-color\"><strong><em>4- LES CONSEILS<\/em><\/strong><\/p>\n\n\n\n<div class=\"wp-block-media-text alignwide has-media-on-the-right is-stacked-on-mobile\"><figure class=\"wp-block-media-text__media\"><img loading=\"lazy\" decoding=\"async\" width=\"490\" height=\"480\" src=\"http:\/\/www.osteopathe-annaellepeloil-17.com\/wp-content\/uploads\/2020\/04\/\u00e9tirements.jpg\" alt=\"\" class=\"wp-image-189\" srcset=\"https:\/\/www.osteopathe-annaellepeloil-17.com\/wp-content\/uploads\/2020\/04\/\u00e9tirements.jpg 490w, https:\/\/www.osteopathe-annaellepeloil-17.com\/wp-content\/uploads\/2020\/04\/\u00e9tirements-300x294.jpg 300w, https:\/\/www.osteopathe-annaellepeloil-17.com\/wp-content\/uploads\/2020\/04\/\u00e9tirements-61x60.jpg 61w\" sizes=\"auto, (max-width: 490px) 100vw, 490px\" \/><\/figure><div class=\"wp-block-media-text__content\">\n<p class=\"has-normal-font-size\">A la fin de la s\u00e9ance, je pourrai vous donner <strong>des conseils et\/ou des exercices<\/strong> afin que l&rsquo;efficacit\u00e9 du traitement perdure dans le temps.<br>N&rsquo;h\u00e9sitez pas \u00e0 poser vos questions !<br><br>Les bienfaits de la s\u00e9ance peuvent \u00eatre imm\u00e9diats mais une p\u00e9riode d&rsquo;adaptation est le plus souvent n\u00e9cessaire (3 \u00e0 5 jours). Une fatigue le jour m\u00eame ou le lendemain est possible.<br><br>Afin de limiter les effets secondaires, il est conseill\u00e9 de <strong>bien s&rsquo;hydrater<\/strong>, d&rsquo;<strong>\u00e9viter au maximum le port de charges<\/strong>. L&rsquo;<strong>activit\u00e9 physique est proscrite<\/strong> 48 \u00e0 72 heures apr\u00e8s la s\u00e9ance. Une reprise progressive est conseill\u00e9e.<\/p>\n<\/div><\/div>\n\n\n\n<p><\/p>\n\n\n\n<p><\/p>\n\n\n\n<blockquote class=\"wp-block-quote has-text-align-center is-style-large is-layout-flow wp-block-quote-is-layout-flow\"><p><\/p><p><\/p><p><em><span class=\"has-inline-color has-pale-pink-color\">\u00ab\u00a0Pour l&rsquo;ost\u00e9opathe, le but est de trouver la cause de la douleur et d&rsquo;en traiter l&rsquo;origine\u00a0\u00bb<\/span><\/em><\/p><\/blockquote>\n\n\n\n<p><br><br><\/p>\n\n\n\n<p><\/p>\n\n\n\n<p>Il est recommand\u00e9 de consulter votre ost\u00e9opathe<strong> tous les 6 \u00e0 12 mois<\/strong> sans attendre l&rsquo;apparition de la douleur ou du blocage. <br><br>Dans certains cas plus aigus, deux s\u00e9ances distantes de 15 jours peuvent \u00eatre n\u00e9cessaire. (Ne pas confondre gu\u00e9rison et diminution de la douleur)<br><br>L&rsquo;ost\u00e9opathe redonne de la mobilit\u00e9 \u00e0 votre corps. <strong>A vous d&rsquo;entretenir cette harmonie au quotidien<\/strong>. Le tandem \u00ab\u00a0Praticien-Patient\u00a0\u00bb est n\u00e9cessaire afin que votre sant\u00e9 s&rsquo;en trouve meilleure.<br>N&rsquo;h\u00e9sitez pas \u00e0 le contacter \u00e0 distance de votre s\u00e9ance pour toute question ou conseil.<\/p>\n\n\n\n<p><\/p>\n\n\n\n<p><\/p>\n\n\n\n<p><\/p>\n","protected":false},"excerpt":{"rendered":"<p>Comment se d\u00e9roule une s\u00e9ance d&rsquo;ost\u00e9opathie ? 1- L&rsquo; ENTRETIEN D&rsquo;ACCUEIL Cette premi\u00e8re partie nous permet de faire connaissance sur les raisons de votre venue. Pour cela, je vais vous interroger sur vos sympt\u00f4mes, vos ant\u00e9c\u00e9dents, votre mode de vie. Ces \u00e9l\u00e9ments vont me permettre de poser un premier diagnostic et de vous r\u00e9orienter pour &hellip; <\/p>\n","protected":false},"author":1,"featured_media":0,"parent":0,"menu_order":0,"comment_status":"closed","ping_status":"closed","template":"","meta":{"footnotes":""},"class_list":["post-63","page","type-page","status-publish","hentry"],"_links":{"self":[{"href":"https:\/\/www.osteopathe-annaellepeloil-17.com\/index.php\/wp-json\/wp\/v2\/pages\/63","targetHints":{"allow":["GET"]}}],"collection":[{"href":"https:\/\/www.osteopathe-annaellepeloil-17.com\/index.php\/wp-json\/wp\/v2\/pages"}],"about":[{"href":"https:\/\/www.osteopathe-annaellepeloil-17.com\/index.php\/wp-json\/wp\/v2\/types\/page"}],"author":[{"embeddable":true,"href":"https:\/\/www.osteopathe-annaellepeloil-17.com\/index.php\/wp-json\/wp\/v2\/users\/1"}],"replies":[{"embeddable":true,"href":"https:\/\/www.osteopathe-annaellepeloil-17.com\/index.php\/wp-json\/wp\/v2\/comments?post=63"}],"version-history":[{"count":26,"href":"https:\/\/www.osteopathe-annaellepeloil-17.com\/index.php\/wp-json\/wp\/v2\/pages\/63\/revisions"}],"predecessor-version":[{"id":299,"href":"https:\/\/www.osteopathe-annaellepeloil-17.com\/index.php\/wp-json\/wp\/v2\/pages\/63\/revisions\/299"}],"wp:attachment":[{"href":"https:\/\/www.osteopathe-annaellepeloil-17.com\/index.php\/wp-json\/wp\/v2\/media?parent=63"}],"curies":[{"name":"wp","href":"https:\/\/api.w.org\/{rel}","templated":true}]}}